{"id":58,"date":"2020-02-19T22:07:39","date_gmt":"2020-02-19T22:07:39","guid":{"rendered":"http:\/\/antoinea.sg-host.com\/?page_id=58"},"modified":"2024-06-08T11:22:09","modified_gmt":"2024-06-08T09:22:09","slug":"diu-environnement-et-pathologie-respiratoire","status":"publish","type":"page","link":"https:\/\/ajpo2.org\/www\/la-pneumologie\/les-du-et-diu-accessibles-en-pneumologie\/diu-environnement-et-pathologie-respiratoire\/","title":{"rendered":"DIU Environnement et Pathologie Respiratoire"},"content":{"rendered":"\t\t<div data-elementor-type=\"wp-page\" data-elementor-id=\"58\" class=\"elementor elementor-58\">\n\t\t\t\t<div class=\"elementor-element elementor-element-742a640 e-flex e-con-boxed elementor-invisible e-con e-parent\" data-id=\"742a640\" data-element_type=\"container\" data-e-type=\"container\" data-settings=\"{&quot;background_background&quot;:&quot;classic&quot;,&quot;animation&quot;:&quot;slideInUp&quot;}\">\n\t\t\t\t\t<div class=\"e-con-inner\">\n\t\t\t\t<div class=\"elementor-element elementor-element-628b4ae elementor-widget elementor-widget-heading\" data-id=\"628b4ae\" data-element_type=\"widget\" data-e-type=\"widget\" data-widget_type=\"heading.default\">\n\t\t\t\t<div class=\"elementor-widget-container\">\n\t\t\t\t\t<h2 class=\"elementor-heading-title elementor-size-default\">DU Environnement et Pathologies Respiratoires<\/h2>\t\t\t\t<\/div>\n\t\t\t\t<\/div>\n\t\t\t\t\t<\/div>\n\t\t\t\t<\/div>\n\t\t<div class=\"elementor-element elementor-element-7df0d7e2 e-flex e-con-boxed e-con e-parent\" data-id=\"7df0d7e2\" data-element_type=\"container\" data-e-type=\"container\">\n\t\t\t\t\t<div class=\"e-con-inner\">\n\t\t\t\t<div class=\"elementor-element elementor-element-7d341b3d elementor-widget elementor-widget-text-editor\" data-id=\"7d341b3d\" data-element_type=\"widget\" data-e-type=\"widget\" data-widget_type=\"text-editor.default\">\n\t\t\t\t<div class=\"elementor-widget-container\">\n\t\t\t\t\t\t\t\t\t\n<p><strong>Universit\u00e9s&nbsp;:<\/strong>&nbsp;Strasbourg,&nbsp;Nancy, Dijon, Reims, Besan\u00e7on<\/p>\n\n\n\n<p><strong>Responsables de la formation&nbsp;:<\/strong>&nbsp;Pr F. De Blay (Strasbourg), Pr&nbsp;Yves&nbsp;MARTINET (Nancy)<\/p>\n\n\n\n<p><strong>Dur\u00e9e de l\u2019enseignement&nbsp;:<\/strong>&nbsp;2 ans<\/p>\n\n\n\n<p><strong>Nombre d\u2019heures&nbsp;:<\/strong>&nbsp;77 h<\/p>\n\n\n\n<p><strong>Modalit\u00e9s du contr\u00f4le des connaissances&nbsp;:<\/strong>&nbsp;\u00e9preuve \u00e9crite et orale<\/p>\n\n\n\n<p><strong>Co\u00fbt d\u2019inscription&nbsp;:<\/strong>&nbsp;457 \u20ac<\/p>\n\n\n\n<p><strong>Informations&nbsp;:<\/strong><\/p>\n\n\n\n<p><a href=\"http:\/\/www-ulpmed.u-strasbg.fr\/medecine\/enseignements_formations\/enseignements_diplomes\/cursus_diplome_docteur_en_medecine\/3eme_cycle\/diplomes_d_universite\/du-diu\/environ_prof_patho_resptoire.pdf\">http:\/\/www-ulpmed.u-strasbg.fr\/medecine\/enseignements_formations\/enseignements_diplomes\/cursus_diplome_docteur_en_medecine\/3eme_cycle\/diplomes_d_universite\/du-diu\/environ_prof_patho_resptoire.pdf<\/a><\/p>\n\n\n\n<p><strong>Renseignements :<\/strong>&nbsp;Pr Yves MARTINET, T\u00e9l : 03 83 15 35 80, Mail : <a href=\"mailto:y.martinet@chu-nancy.fr\">y.martinet@chu-nancy.fr<\/a><\/p>\n\t\t\t\t\t\t\t\t<\/div>\n\t\t\t\t<\/div>\n\t\t\t\t\t<\/div>\n\t\t\t\t<\/div>\n\t\t<div class=\"elementor-element elementor-element-8e91cf3 e-flex e-con-boxed e-con e-parent\" data-id=\"8e91cf3\" data-element_type=\"container\" data-e-type=\"container\">\n\t\t\t\t\t<div class=\"e-con-inner\">\n\t\t\t\t<div class=\"elementor-element elementor-element-189d4a4 elementor-widget elementor-widget-eael-creative-button\" data-id=\"189d4a4\" data-element_type=\"widget\" data-e-type=\"widget\" data-widget_type=\"eael-creative-button.default\">\n\t\t\t\t<div class=\"elementor-widget-container\">\n\t\t\t\t\t        <div class=\"eael-creative-button-wrapper\">\n\n            <a class=\"eael-creative-button eael-creative-button--winona eael-cb-icon-position-left\" href=\"https:\/\/ajpo2.org\/www\/la-pneumologie\/les-du-et-diu-accessibles-en-pneumologie\/\" data-text=\"Retour \u00e0 la page\">\n            \t    \n                <div class=\"creative-button-inner\">\n\n                                            <span class=\"eael-creative-button-icon-left\"><svg aria-hidden=\"true\" class=\"e-font-icon-svg e-fas-list\" viewBox=\"0 0 512 512\" xmlns=\"http:\/\/www.w3.org\/2000\/svg\"><path d=\"M80 368H16a16 16 0 0 0-16 16v64a16 16 0 0 0 16 16h64a16 16 0 0 0 16-16v-64a16 16 0 0 0-16-16zm0-320H16A16 16 0 0 0 0 64v64a16 16 0 0 0 16 16h64a16 16 0 0 0 16-16V64a16 16 0 0 0-16-16zm0 160H16a16 16 0 0 0-16 16v64a16 16 0 0 0 16 16h64a16 16 0 0 0 16-16v-64a16 16 0 0 0-16-16zm416 176H176a16 16 0 0 0-16 16v32a16 16 0 0 0 16 16h320a16 16 0 0 0 16-16v-32a16 16 0 0 0-16-16zm0-320H176a16 16 0 0 0-16 16v32a16 16 0 0 0 16 16h320a16 16 0 0 0 16-16V80a16 16 0 0 0-16-16zm0 160H176a16 16 0 0 0-16 16v32a16 16 0 0 0 16 16h320a16 16 0 0 0 16-16v-32a16 16 0 0 0-16-16z\"><\/path><\/svg><\/span>                    \n                    <span class=\"cretive-button-text\">Les DIU et DU disponibles en pneumologie<\/span>\n\n                                    <\/div>\n\t                        <\/a>\n        <\/div>\n        \t\t\t\t<\/div>\n\t\t\t\t<\/div>\n\t\t\t\t\t<\/div>\n\t\t\t\t<\/div>\n\t\t\t\t<\/div>\n\t\t","protected":false},"excerpt":{"rendered":"<p>DU Environnement et Pathologies Respiratoires Universit\u00e9s&nbsp;:&nbsp;Strasbourg,&nbsp;Nancy, Dijon, Reims, Besan\u00e7on Responsables de la formation&nbsp;:&nbsp;Pr F. De Blay (Strasbourg), Pr&nbsp;Yves&nbsp;MARTINET (Nancy) Dur\u00e9e de l\u2019enseignement&nbsp;:&nbsp;2 ans Nombre d\u2019heures&nbsp;:&nbsp;77 h Modalit\u00e9s du contr\u00f4le des connaissances&nbsp;:&nbsp;\u00e9preuve \u00e9crite et orale Co\u00fbt d\u2019inscription&nbsp;:&nbsp;457 \u20ac Informations&nbsp;: http:\/\/www-ulpmed.u-strasbg.fr\/medecine\/enseignements_formations\/enseignements_diplomes\/cursus_diplome_docteur_en_medecine\/3eme_cycle\/diplomes_d_universite\/du-diu\/environ_prof_patho_resptoire.pdf Renseignements :&nbsp;Pr Yves MARTINET, T\u00e9l : 03 83 15 35 80, Mail : y.martinet@chu-nancy.fr Les DIU [&hellip;]<\/p>\n","protected":false},"author":1,"featured_media":0,"parent":14,"menu_order":0,"comment_status":"closed","ping_status":"closed","template":"","meta":{"_seopress_robots_primary_cat":"","_seopress_titles_title":"","_seopress_titles_desc":"","_seopress_robots_index":"","_monsterinsights_skip_tracking":false,"_monsterinsights_sitenote_active":false,"_monsterinsights_sitenote_note":"","_monsterinsights_sitenote_category":0,"_themeisle_gutenberg_block_has_review":false,"footnotes":""},"class_list":["post-58","page","type-page","status-publish","hentry"],"_links":{"self":[{"href":"https:\/\/ajpo2.org\/www\/wp-json\/wp\/v2\/pages\/58","targetHints":{"allow":["GET"]}}],"collection":[{"href":"https:\/\/ajpo2.org\/www\/wp-json\/wp\/v2\/pages"}],"about":[{"href":"https:\/\/ajpo2.org\/www\/wp-json\/wp\/v2\/types\/page"}],"author":[{"embeddable":true,"href":"https:\/\/ajpo2.org\/www\/wp-json\/wp\/v2\/users\/1"}],"replies":[{"embeddable":true,"href":"https:\/\/ajpo2.org\/www\/wp-json\/wp\/v2\/comments?post=58"}],"version-history":[{"count":3,"href":"https:\/\/ajpo2.org\/www\/wp-json\/wp\/v2\/pages\/58\/revisions"}],"predecessor-version":[{"id":2653,"href":"https:\/\/ajpo2.org\/www\/wp-json\/wp\/v2\/pages\/58\/revisions\/2653"}],"up":[{"embeddable":true,"href":"https:\/\/ajpo2.org\/www\/wp-json\/wp\/v2\/pages\/14"}],"wp:attachment":[{"href":"https:\/\/ajpo2.org\/www\/wp-json\/wp\/v2\/media?parent=58"}],"curies":[{"name":"wp","href":"https:\/\/api.w.org\/{rel}","templated":true}]}}